{"id":41,"date":"2015-12-20T11:02:19","date_gmt":"2015-12-20T10:02:19","guid":{"rendered":"http:\/\/www.kunsthaus-waeldchen.de\/cms\/?page_id=41"},"modified":"2016-01-21T09:01:19","modified_gmt":"2016-01-21T08:01:19","slug":"daniel-diestelkamp","status":"publish","type":"page","link":"https:\/\/www.kunsthaus-waeldchen.de\/cms\/daniel-diestelkamp\/","title":{"rendered":"Daniel Diestelkamp"},"content":{"rendered":"<div id=\"pl-41\"  class=\"panel-layout\" ><div id=\"pg-41-0\"  class=\"panel-grid panel-no-style\" ><div id=\"pgc-41-0-0\"  class=\"panel-grid-cell\" ><div id=\"panel-41-0-0-0\" class=\"so-panel widget widget_sow-editor panel-first-child panel-last-child\" data-index=\"0\" ><div\n\t\t\t\n\t\t\tclass=\"so-widget-sow-editor so-widget-sow-editor-base\"\n\t\t\t\n\t\t>\n<div class=\"siteorigin-widget-tinymce textwidget\">\n\t<p><strong><span style=\"font-size: 14pt;\">Daniel Diestelkamp<\/span><\/strong><\/p>\n<\/div>\n<\/div><\/div><\/div><\/div><div id=\"pg-41-1\"  class=\"panel-grid panel-no-style\" ><div id=\"pgc-41-1-0\"  class=\"panel-grid-cell\" ><div id=\"panel-41-1-0-0\" class=\"so-panel widget widget_sow-editor panel-first-child panel-last-child\" data-index=\"1\" ><div\n\t\t\t\n\t\t\tclass=\"so-widget-sow-editor so-widget-sow-editor-base\"\n\t\t\t\n\t\t>\n<div class=\"siteorigin-widget-tinymce textwidget\">\n\t<ul>\n<li>geboren 1959 in Detmold<\/li>\n<li>Klavierstudium bei Michael Allan, K\u00f6ln und Studium der Komposition, Improvisation und der freien K\u00fcnste bei Michael Vetter an der academia capraia, Toskana.<\/li>\n<li>Leitung der Bildungswerkstatt Kunsthaus W\u00e4ldchen<\/li>\n<li>Seit 1985 Solokonzerte und Leitung experimenteller Chorprojekte<\/li>\n<li>Seminar- und Unterrichtst\u00e4tigkeit in Europa und Australien.<\/li>\n<li>Seit 2001 musikp\u00e4dagogische T\u00e4tigkeit in Kindertagesst\u00e4tten und Schulen in RLP und NRW<\/li>\n<\/ul>\n<\/div>\n<\/div><\/div><\/div><div id=\"pgc-41-1-1\"  class=\"panel-grid-cell\" ><div id=\"panel-41-1-1-0\" class=\"so-panel widget widget_sow-editor panel-first-child panel-last-child\" data-index=\"2\" ><div\n\t\t\t\n\t\t\tclass=\"so-widget-sow-editor so-widget-sow-editor-base\"\n\t\t\t\n\t\t>\n<div class=\"siteorigin-widget-tinymce textwidget\">\n\t<p><a href=\"https:\/\/www.kunsthaus-waeldchen.de\/cms\/wp-content\/uploads\/2015\/12\/SAM1096_1.jpg\" rel=\"attachment wp-att-254\"><img loading=\"lazy\" decoding=\"async\" class=\"alignnone size-medium wp-image-254\" src=\"https:\/\/www.kunsthaus-waeldchen.de\/cms\/wp-content\/uploads\/2015\/12\/SAM1096_1-300x300.jpg\" alt=\"_SAM1096_1\" width=\"300\" height=\"300\" srcset=\"https:\/\/www.kunsthaus-waeldchen.de\/cms\/wp-content\/uploads\/2015\/12\/SAM1096_1-300x300.jpg 300w, https:\/\/www.kunsthaus-waeldchen.de\/cms\/wp-content\/uploads\/2015\/12\/SAM1096_1-150x150.jpg 150w, https:\/\/www.kunsthaus-waeldchen.de\/cms\/wp-content\/uploads\/2015\/12\/SAM1096_1-768x768.jpg 768w, https:\/\/www.kunsthaus-waeldchen.de\/cms\/wp-content\/uploads\/2015\/12\/SAM1096_1-1024x1024.jpg 1024w, https:\/\/www.kunsthaus-waeldchen.de\/cms\/wp-content\/uploads\/2015\/12\/SAM1096_1.jpg 1980w\" sizes=\"(max-width: 300px) 100vw, 300px\" \/><\/a><\/p>\n<\/div>\n<\/div><\/div><\/div><\/div><div id=\"pg-41-2\"  class=\"panel-grid panel-no-style\" ><div id=\"pgc-41-2-0\"  class=\"panel-grid-cell\" ><div id=\"panel-41-2-0-0\" class=\"so-panel widget widget_sow-editor panel-first-child panel-last-child\" data-index=\"3\" ><div\n\t\t\t\n\t\t\tclass=\"so-widget-sow-editor so-widget-sow-editor-base\"\n\t\t\t\n\t\t>\n<div class=\"siteorigin-widget-tinymce textwidget\">\n\t<ul>\n<li>Von 2005 bis 2007 Lehrauftrag an der Hochschule f\u00fcr Musik und Darstellende Kunst, Frankfurt\/Main.<\/li>\n<li>Seit Herbst 2011 Lehrauftrag an der Hochschule f\u00fcr Musik und Tanz, K\u00f6ln<\/li>\n<li>Seit 2014 Lehraufrag an der Technischen Hochschule K\u00f6ln<\/li>\n<\/ul>\n<p>\u00a0<\/p>\n<p><strong><span style=\"font-size: 14pt;\">K\u00fcnstlerische Projekte:<\/span><\/strong><\/p>\n<ul>\n<li>1989 -1999 Neue Musik im Theater (in Kooperation mit Healing Theatre, K\u00f6ln)<\/li>\n<li>\u201eDer Gruftw\u00e4chter\u201c, \u201eJosephine, die S\u00e4ngerin\u201c, \u201eDas Schloss\u201c (nach F.Kafka)<\/li>\n<li>\u201eWer reisst den\u2026\u201c nach Texten von H\u00f6lderlin, \u201eTorquato Tasso\u201c (J.W.Goethe)<\/li>\n<li>\u201eGes\u00e4nge der D\u00e4mmerung\u201c und \u201eAbend ohne Lieder\u201c (Orangerie K\u00f6ln)<\/li>\n<li>1997 Festival \u201eNeue MusikSchr\u00e4gstrichTheater\u201c (K\u00f6ln)<\/li>\n<li>\u201eDie Jakobsleiter\u201c Szenische Installationen mit Harald Herrmann (K\u00f6ln)<\/li>\n<li>\u201epianoworte\u201c Szenische Performance (K\u00f6ln)<\/li>\n<li>Seit 1992-2010 \u201eNachtstille\u201c und \u201ePassio\u201c (Lutherkirche K\u00f6ln)<\/li>\n<li>Musikalisch-Literarische Meditationen und Liturgische Konzerte<\/li>\n<li>1999 \u201etopoi kai tropoi\u201c Festwoche Romanische Kjrche St.Georg, K\u00f6ln<\/li>\n<li>1999\/ 2000 ZwischenZeit und Ewigkeit Namen-Jesu-Kirche, Bonn<\/li>\n<li>2000 und 2002 Hammer Kulturtage (Westerwald)<\/li>\n<li>2002 Liturgische Nacht \u201eGesang der Ges\u00e4nge-Das Hohe Lied der Liebe\u201c (Stiftsbasilika Landshut), \u201eBlaukopp\u201c 200 Jahre Protestanten in K\u00f6ln. Performance und Klanginstallation<\/li>\n<li>2002 Er\u00f6ffnung \u201eMingary -a quiet place\u201c\/ St.Michaels. Melbourne, Australien<\/li>\n<li>2003 \u201eRITUAL I\u201c (Kultursommer Rheinland-Pfalz)<\/li>\n<li>2005 \u201eJenseits von Babylon\u201c (Kultursommer Rheinland-Pfalz)<\/li>\n<li>2007 \u201eRITUAL II\u201c \u201eVom Kommen des Lichts\u201c (Kultursommer Rheinland-Pfalz)<\/li>\n<li>2008 \u201eHeiliger Geist und Gerechtigkeit\u201c Peace-Mass (K\u00f6ln, Gro\u00df St.Martin)<\/li>\n<li>2009 \u201eSph\u00e4ren\u201c (Kultursommer Rheinland-Pfalz), \u201eRITUAL III\u201c (Kultursommer Rheinland-Pfalz)<\/li>\n<li>2009\/2010 \u201eWir wissen nichts von diesem Hingehn\u2026\u201c Ein Rilke-Projekt, Lutherkirche K\u00f6ln und Kunsthaus W\u00e4ldchen (Kultursommer Rheinland-Pfalz)<\/li>\n<\/ul>\n<p>\u00a0<\/p>\n<p><strong><span style=\"font-size: 14pt;\">Kompositionen :<\/span> <\/strong><\/p>\n<ul>\n<li>Chorwerke. \u201eNachtstimmen\u201c, \u201eAssoziationen\u201c, Klangr\u00e4ume\u201c f\u00fcr Vokalensemble,<\/li>\n<li>Szenisches Oratorium \u201eDas Schweigen der Sirenen\u201c(1998) Geistliches Konzertst\u00fcck \u201eTe Deum \/ Wendungen im Innenraum\u201c(1999). Vier Geistliche Kantaten (2005-2009) Solo- und<\/li>\n<li>Duokompositionen f\u00fcr Stimme, unter anderem \u201eHohes Lied\u201c (1996). \u201esumma summ armung\u201c f\u00fcr Querfl\u00f6te, Fagott, Stimme, Orgel und Perkussion (2008). Oratorium Peace-Mass (2008) \u201eSph\u00e4ren\u201c f\u00fcr Vokalensemble, Orgel und Schlagwerk (2009). Musikalisches Stundenbuch f\u00fcr Querfl\u00f6te, Oboe (Fagott), Klavier (Orgel), Stimme, Tambura und Chor. Drei geistliche Klavierst\u00fccke (2010).<\/li>\n<\/ul>\n<p>\u00a0<\/p>\n<p><strong><span style=\"font-size: 14pt;\">Ver\u00f6ffentlichungen<\/span> <\/strong><\/p>\n<ul>\n<li>Nachtstimmen f\u00fcr Vokalensemble (CD)<\/li>\n<li>Hohes Lied Klangst\u00fccke und Obertonduette (CD)<\/li>\n<li>Blaukopp\/ 200 Jahre Protestanten in K\u00f6ln Klangcollage (CD)<\/li>\n<li>Peace-Mass Partitur Edition Tonger Karlsruhe<\/li>\n<li>\u00c4sthetisch-Musikalische Grundbildung Buch Wienand Verlag K\u00f6ln<\/li>\n<\/ul>\n<\/div>\n<\/div><\/div><\/div><\/div><\/div>","protected":false},"excerpt":{"rendered":"<p>Daniel Diestelkamp geboren 1959 in DetmoldKlavierstudium bei Michael Allan, K\u00f6ln und Studium der Komposition, Improvisation und der freien K\u00fcnste bei Michael Vetter an der academia capraia, Toskana.Leitung der Bildungswerkstatt Kunsthaus W\u00e4ldchenSeit 1985 Solokonzerte und Leitung experimenteller ChorprojekteSeminar- und Unterrichtst\u00e4tigkeit in&#8230; <a href=\"https:\/\/www.kunsthaus-waeldchen.de\/cms\/daniel-diestelkamp\/\" class=\"read-more\">mehr&#8230;<\/a><\/p>\n","protected":false},"author":1,"featured_media":0,"parent":0,"menu_order":0,"comment_status":"closed","ping_status":"closed","template":"","meta":{"ngg_post_thumbnail":0,"footnotes":""},"_links":{"self":[{"href":"https:\/\/www.kunsthaus-waeldchen.de\/cms\/wp-json\/wp\/v2\/pages\/41"}],"collection":[{"href":"https:\/\/www.kunsthaus-waeldchen.de\/cms\/wp-json\/wp\/v2\/pages"}],"about":[{"href":"https:\/\/www.kunsthaus-waeldchen.de\/cms\/wp-json\/wp\/v2\/types\/page"}],"author":[{"embeddable":true,"href":"https:\/\/www.kunsthaus-waeldchen.de\/cms\/wp-json\/wp\/v2\/users\/1"}],"replies":[{"embeddable":true,"href":"https:\/\/www.kunsthaus-waeldchen.de\/cms\/wp-json\/wp\/v2\/comments?post=41"}],"version-history":[{"count":9,"href":"https:\/\/www.kunsthaus-waeldchen.de\/cms\/wp-json\/wp\/v2\/pages\/41\/revisions"}],"predecessor-version":[{"id":255,"href":"https:\/\/www.kunsthaus-waeldchen.de\/cms\/wp-json\/wp\/v2\/pages\/41\/revisions\/255"}],"wp:attachment":[{"href":"https:\/\/www.kunsthaus-waeldchen.de\/cms\/wp-json\/wp\/v2\/media?parent=41"}],"curies":[{"name":"wp","href":"https:\/\/api.w.org\/{rel}","templated":true}]}}