{"id":196,"date":"2015-12-23T15:02:37","date_gmt":"2015-12-23T14:02:37","guid":{"rendered":"http:\/\/www.kunsthaus-waeldchen.de\/cms\/?page_id=196"},"modified":"2018-04-27T12:52:40","modified_gmt":"2018-04-27T10:52:40","slug":"anfahrt","status":"publish","type":"page","link":"https:\/\/www.kunsthaus-waeldchen.de\/cms\/anfahrt\/","title":{"rendered":"Anfahrt"},"content":{"rendered":"<div id=\"pl-196\"  class=\"panel-layout\" ><div id=\"pg-196-0\"  class=\"panel-grid panel-no-style\" ><div id=\"pgc-196-0-0\"  class=\"panel-grid-cell\" ><div id=\"panel-196-0-0-0\" class=\"so-panel widget widget_sow-editor panel-first-child panel-last-child\" data-index=\"0\" ><div\n\t\t\t\n\t\t\tclass=\"so-widget-sow-editor so-widget-sow-editor-base\"\n\t\t\t\n\t\t>\n<div class=\"siteorigin-widget-tinymce textwidget\">\n\t<p><span style=\"font-size: 14pt;\"><strong>Anfahrtsplan<\/strong><\/span><\/p>\n<style type=\"text\/css\" id=\"gmpMapStyles_1_45877\">\r\n\t#google_map_easy_1_45877 {\r\n        width: 880px;\r\n        height: 400px;\r\n\t\t\t\t\t\t    }\r\n\t#gmapControlsNum_1_45877 {\r\n\t\twidth:880px\t}\r\n\t.gmpMapDetailsContainer#gmpMapDetailsContainer_1_45877 {\r\n\t\theight:400px;\r\n\t}\r\n\t.gmp_MapPreview#google_map_easy_1_45877 {\r\n\t\t\/*position:absolute;*\/\r\n\t\twidth: 100%;\r\n\t}\r\n\t#mapConElem_1_45877{\r\n\t\twidth: 880px\t}\r\n    .gm-style .gm-style-iw-c{\r\n        padding: 12px!important;\r\n    }\r\n\t    <\/style>\r\n <div class=\"gmp_map_opts\" id=\"mapConElem_1_45877\" data-id=\"1\" data-view-id=\"1_45877\" > <div class=\"gmpMapDetailsContainer\" id=\"gmpMapDetailsContainer_1_45877\"> <i class=\"gmpKMLLayersPreloader fa fa-spinner fa-spin\" aria-hidden=\"true\" style=\"display: none;\"><\/i> <div class=\"gmp_MapPreview \" id=\"google_map_easy_1_45877\"><\/div> <\/div> <div class=\"gmpMapMarkerFilters\" id=\"gmpMapMarkerFilters_1_45877\"> <\/div> <div class=\"gmpMapProControlsCon\" id=\"gmpMapProControlsCon_1_45877\"> <a title=\"Google Map Plugin\" style=\"display:none;\" href=\"https:\/\/supsystic.com\/plugins\/google-maps-plugin\/?utm_medium=love_link_hide\" target=\"_blank\">Google Map Plugin<\/a><div style=\"clear: both;\"><\/div> <\/div> <div class=\"gmpMapProDirectionsCon\" id=\"gmpMapProDirectionsCon_1_45877\" > <\/div> <div class=\"gmpMapProKmlFilterCon\" id=\"gmpMapProKmlFilterCon_1_45877\" > <\/div> <div class=\"gmpSocialSharingShell gmpSocialSharingShell_1_45877\"> <\/div> <div style=\"clear: both;\"><\/div> <\/div> \n<p><span style=\"font-size: 14pt;\"><strong>Adresse<\/strong><\/span><\/p>\n<p><span style=\"font-size: 12pt;\"><strong>Kunsthaus W\u00e4ldchen<\/strong><\/span><br \/>\nDoroth\u00e9 Ruth Marzinzik und Daniel Diestelkamp<br \/>\nW\u00e4ldchen 1<br \/>\n57537 Forst<\/p>\n<p>Fon (02292)7477<br \/>\nFax (02292)922606<\/p>\n<p><strong><span style=\"font-size: 14pt;\">Anschrift f\u00fcr Navi<\/span><\/strong><br \/>\nK62 Forst<br \/>\n57537 Forst<\/p>\n<p><span style=\"font-size: 14pt;\"><strong>Anreise mit dem <\/strong><b>Zug<\/b><\/span><br \/>\nDB Rhein\/Siegstrecke von Gie\u00dfen bzw. K\u00f6ln bis Bahnhof Schladern \/ Sieg<\/p>\n<p><strong><span style=\"font-size: 14pt;\">Anreise mit dem Auto<\/span><br \/>\n<\/strong><\/p>\n<p><strong>A4 K\u00f6ln\/Olpe:<\/strong><br \/>\nAbfahrt Bergneustadt\/Waldbr\u00f6l, Richtung Waldbr\u00f6l B 256, \u00fcber Denklingen bis Waldbr\u00f6l-Hermesdorf. Nach Ortsausgang links nach Waldbr\u00f6l-Bibelshof, auf der H\u00f6he rechts weiter nach Bibelshof. In Bibelshof links Richtung Erblingen. In Erblingen rechts nach Kohlberg, Ortsausgang links nach W\u00e4ldchen. Auf dieser Stra\u00dfe letztes Haus links.<\/p>\n<p><strong>Von Bonn A 565:<\/strong><br \/>\nRichtung Siegburg\/K\u00f6ln. Am Dreieck Bonn-Beuel A 59 Richtung K\u00f6ln und gleich wieder am Dreieck Augustin-West auf die A 560 Richtung Hennef. Abfahrt Hennef-Ost in Richtung Waldbr\u00f6l. Durch Ortskern Waldbr\u00f6l, nach langer Gerade an Ampel rechts Richtung Bibelshof\/Morsbach. Nach steiler Bergauffahrt wieder rechts nach Erblingen. In Erblingen rechts nach Kohlberg. Ortsausgang links nach W\u00e4ldchen. Auf dieser Stra\u00dfe letztes Haus links.<\/p>\n<p><strong>Aus Richtung Mainz:<\/strong><br \/>\nA3 Richtung K\u00f6ln, nach dem Dernbacher Dreieck Ausfahrt Ransbach-Baumbach, dort rechts ab nach Mogendorf. Zur B 413 Richtung Hachenburg \/ H\u00f6chstenbach. In H\u00f6chstenbach links nach Altenkirchen (B8) . In Altenkirchen 1.Ampel rechts nach Wissen \/ Hamm. Nach ca. 11 km links nach Etzbach \/ Forst. Durch Etzbach, Oppertsau, Bitzen und Forst durch, nach Ortsausgang von Forst ca. 2 km rechts nach W\u00e4ldchen. Direkt das erste Haus, W\u00e4ldchen 1.<\/p>\n<\/div>\n<\/div><\/div><\/div><\/div><\/div>","protected":false},"excerpt":{"rendered":"<p>Anfahrtsplan Adresse Kunsthaus W\u00e4ldchen Doroth\u00e9 Ruth Marzinzik und Daniel Diestelkamp W\u00e4ldchen 1 57537 Forst Fon (02292)7477 Fax (02292)922606 Anschrift f\u00fcr Navi K62 Forst 57537 Forst Anreise mit dem Zug DB Rhein\/Siegstrecke von Gie\u00dfen bzw. K\u00f6ln bis Bahnhof Schladern \/ Sieg&#8230; <a href=\"https:\/\/www.kunsthaus-waeldchen.de\/cms\/anfahrt\/\" class=\"read-more\">mehr&#8230;<\/a><\/p>\n","protected":false},"author":1,"featured_media":0,"parent":0,"menu_order":0,"comment_status":"closed","ping_status":"closed","template":"","meta":{"ngg_post_thumbnail":0,"footnotes":""},"_links":{"self":[{"href":"https:\/\/www.kunsthaus-waeldchen.de\/cms\/wp-json\/wp\/v2\/pages\/196"}],"collection":[{"href":"https:\/\/www.kunsthaus-waeldchen.de\/cms\/wp-json\/wp\/v2\/pages"}],"about":[{"href":"https:\/\/www.kunsthaus-waeldchen.de\/cms\/wp-json\/wp\/v2\/types\/page"}],"author":[{"embeddable":true,"href":"https:\/\/www.kunsthaus-waeldchen.de\/cms\/wp-json\/wp\/v2\/users\/1"}],"replies":[{"embeddable":true,"href":"https:\/\/www.kunsthaus-waeldchen.de\/cms\/wp-json\/wp\/v2\/comments?post=196"}],"version-history":[{"count":15,"href":"https:\/\/www.kunsthaus-waeldchen.de\/cms\/wp-json\/wp\/v2\/pages\/196\/revisions"}],"predecessor-version":[{"id":351,"href":"https:\/\/www.kunsthaus-waeldchen.de\/cms\/wp-json\/wp\/v2\/pages\/196\/revisions\/351"}],"wp:attachment":[{"href":"https:\/\/www.kunsthaus-waeldchen.de\/cms\/wp-json\/wp\/v2\/media?parent=196"}],"curies":[{"name":"wp","href":"https:\/\/api.w.org\/{rel}","templated":true}]}}